{"id":7412,"date":"2025-07-29T01:18:10","date_gmt":"2025-07-28T23:18:10","guid":{"rendered":"https:\/\/starsforeurope.com\/cz\/?page_id=7412"},"modified":"2025-08-18T21:19:25","modified_gmt":"2025-08-18T19:19:25","slug":"adventni-dekorace-pr","status":"publish","type":"page","link":"https:\/\/starsforeurope.com\/cz\/tiskove-zpravy\/dekorace-pr\/adventni-dekorace-pr\/","title":{"rendered":"Adventn\u00ed dekorace s poinsettiemi"},"content":{"rendered":"<main class=\"wp-block-group postimage-half wide-content is-layout-flow wp-block-group-is-layout-flow\" style=\"margin-top:var(--wp--preset--spacing--50)\">\n<div style=\"height:3rem\" aria-hidden=\"true\" class=\"wp-block-spacer\"><\/div>\n\n\n\n<div class=\"wp-block-query is-layout-flow wp-block-query-is-layout-flow\"><ul class=\"columns-2 wp-block-post-template is-layout-grid wp-container-core-post-template-is-layout-37ef2942 wp-block-post-template-is-layout-grid\"><li class=\"wp-block-post post-5033 press type-press status-publish has-post-thumbnail hentry press_cat-advent-decoration press_cat-diy press_cat-decoration-tips press_main-adventni-dekorace press_main-dekorace press_main-diy-upcyklace press_main-pressemitteilungen\">\n<figure style=\"aspect-ratio:1;\" class=\"featuredimage wp-block-post-featured-image\"><a href=\"https:\/\/starsforeurope.com\/cz\/press\/hvezdy-adventu-nove-napady-na-svatecni-tvoreni-s-vanocnimi-hvezdami\/\" target=\"_self\"  ><img loading=\"lazy\" decoding=\"async\" width=\"875\" height=\"1050\" src=\"https:\/\/starsforeurope.com\/cz\/wp-content\/uploads\/sites\/20\/2024\/01\/2023_poinsettia_03000_Rustic_Scandi.jpg\" class=\"attachment-post-thumbnail size-post-thumbnail wp-post-image\" alt=\"Hv\u011bzdy adventu. Nov\u00e9 n\u00e1pady na sv\u00e1te\u010dn\u00ed tvo\u0159en\u00ed s v\u00e1no\u010dn\u00edmi hv\u011bzdami\" style=\"width:100%;height:100%;object-fit:cover;\" srcset=\"https:\/\/starsforeurope.com\/cz\/wp-content\/uploads\/sites\/20\/2024\/01\/2023_poinsettia_03000_Rustic_Scandi.jpg 875w, https:\/\/starsforeurope.com\/cz\/wp-content\/uploads\/sites\/20\/2024\/01\/2023_poinsettia_03000_Rustic_Scandi-250x300.jpg 250w, https:\/\/starsforeurope.com\/cz\/wp-content\/uploads\/sites\/20\/2024\/01\/2023_poinsettia_03000_Rustic_Scandi-853x1024.jpg 853w, https:\/\/starsforeurope.com\/cz\/wp-content\/uploads\/sites\/20\/2024\/01\/2023_poinsettia_03000_Rustic_Scandi-768x922.jpg 768w, https:\/\/starsforeurope.com\/cz\/wp-content\/uploads\/sites\/20\/2024\/01\/2023_poinsettia_03000_Rustic_Scandi-563x675.jpg 563w\" sizes=\"auto, (max-width: 875px) 100vw, 875px\" \/><\/a><\/figure>\n\n<h3 class=\"wp-block-post-title\"><a href=\"https:\/\/starsforeurope.com\/cz\/press\/hvezdy-adventu-nove-napady-na-svatecni-tvoreni-s-vanocnimi-hvezdami\/\" target=\"_self\" >Hv\u011bzdy adventu. Nov\u00e9 n\u00e1pady na sv\u00e1te\u010dn\u00ed tvo\u0159en\u00ed s v\u00e1no\u010dn\u00edmi hv\u011bzdami<\/a><\/h3>\n\n\n<div class=\"wp-block-group postmetaline is-nowrap is-layout-flex wp-container-core-group-is-layout-6c531013 wp-block-group-is-layout-flex\"><div class=\"wp-block-post-date\"><time datetime=\"2023-12-20T01:22:39+01:00\">20. prosince 2023<\/time><\/div>\n\n<\/div>\n\n\n<div class=\"wp-block-post-excerpt\"><p class=\"wp-block-post-excerpt__excerpt\">B\u011bhem adventu a V\u00e1noc jsou velmi obl\u00edben\u00e9 \u0159emesln\u00e9 pr\u00e1ce a zdoben\u00ed. Pod\u00edvejte se na tyto DIY projekty s poinsetti\u00ed, kter\u00e9 upoutaj\u00ed va\u0161i pozornost a navod\u00ed sv\u00e1te\u010dn\u00ed n\u00e1ladu<\/p><p class=\"wp-block-post-excerpt__more-text\"><a class=\"wp-block-post-excerpt__more-link\" href=\"https:\/\/starsforeurope.com\/cz\/press\/hvezdy-adventu-nove-napady-na-svatecni-tvoreni-s-vanocnimi-hvezdami\/\">P\u0159e\u010dt\u011bte si v\u00edce<\/a><\/p><\/div>\n<\/li><li class=\"wp-block-post post-5066 press type-press status-publish has-post-thumbnail hentry press_cat-advent-decoration press_cat-diy press_cat-upcycling press_main-adventni-dekorace press_main-dekorace press_main-diy-upcyklace press_main-pressemitteilungen\">\n<figure style=\"aspect-ratio:1;\" class=\"featuredimage wp-block-post-featured-image\"><a href=\"https:\/\/starsforeurope.com\/cz\/press\/zazijte-kouzlo-adventu-adventni-vence-a-kalendare-s-vanocni-hvezdou\/\" target=\"_self\"  ><img loading=\"lazy\" decoding=\"async\" width=\"875\" height=\"1050\" src=\"https:\/\/starsforeurope.com\/cz\/wp-content\/uploads\/sites\/20\/2022\/08\/2022-poinsettia-02000-urban-loft-christmas-28.jpg\" class=\"attachment-post-thumbnail size-post-thumbnail wp-post-image\" alt=\"Za\u017eijte kouzlo Adventu: Adventn\u00ed v\u011bnce a kalend\u00e1\u0159e s v\u00e1no\u010dn\u00ed hv\u011bzdou\" style=\"width:100%;height:100%;object-fit:cover;\" srcset=\"https:\/\/starsforeurope.com\/cz\/wp-content\/uploads\/sites\/20\/2022\/08\/2022-poinsettia-02000-urban-loft-christmas-28.jpg 875w, https:\/\/starsforeurope.com\/cz\/wp-content\/uploads\/sites\/20\/2022\/08\/2022-poinsettia-02000-urban-loft-christmas-28-250x300.jpg 250w, https:\/\/starsforeurope.com\/cz\/wp-content\/uploads\/sites\/20\/2022\/08\/2022-poinsettia-02000-urban-loft-christmas-28-853x1024.jpg 853w, https:\/\/starsforeurope.com\/cz\/wp-content\/uploads\/sites\/20\/2022\/08\/2022-poinsettia-02000-urban-loft-christmas-28-768x922.jpg 768w, https:\/\/starsforeurope.com\/cz\/wp-content\/uploads\/sites\/20\/2022\/08\/2022-poinsettia-02000-urban-loft-christmas-28-563x675.jpg 563w\" sizes=\"auto, (max-width: 875px) 100vw, 875px\" \/><\/a><\/figure>\n\n<h3 class=\"wp-block-post-title\"><a href=\"https:\/\/starsforeurope.com\/cz\/press\/zazijte-kouzlo-adventu-adventni-vence-a-kalendare-s-vanocni-hvezdou\/\" target=\"_self\" >Za\u017eijte kouzlo Adventu: Adventn\u00ed v\u011bnce a kalend\u00e1\u0159e s v\u00e1no\u010dn\u00ed hv\u011bzdou<\/a><\/h3>\n\n\n<div class=\"wp-block-group postmetaline is-nowrap is-layout-flex wp-container-core-group-is-layout-6c531013 wp-block-group-is-layout-flex\"><div class=\"wp-block-post-date\"><time datetime=\"2022-09-17T14:18:12+02:00\">17. z\u00e1\u0159\u00ed 2022<\/time><\/div>\n\n<\/div>\n\n\n<div class=\"wp-block-post-excerpt\"><p class=\"wp-block-post-excerpt__excerpt\">Co by to bylo za advent bez adventn\u00edch v\u011bnc\u016f a kalend\u00e1\u0159\u016f? V\u00e1no\u010dn\u00ed hv\u011bzdy dod\u00e1vaj\u00ed tradi\u010dn\u00ed v\u00fdzdob\u011b zvl\u00e1\u0161tn\u00ed kouzlo. Objevte nov\u00e9 n\u00e1pady na adventn\u00ed dekorace s v\u00e1no\u010dn\u00edmi hv\u011bzdami.<\/p><p class=\"wp-block-post-excerpt__more-text\"><a class=\"wp-block-post-excerpt__more-link\" href=\"https:\/\/starsforeurope.com\/cz\/press\/zazijte-kouzlo-adventu-adventni-vence-a-kalendare-s-vanocni-hvezdou\/\">P\u0159e\u010dt\u011bte si v\u00edce<\/a><\/p><\/div>\n<\/li><li class=\"wp-block-post post-4979 press type-press status-publish has-post-thumbnail hentry press_cat-diy press_cat-decoration-tips press_main-adventni-dekorace press_main-dekorace press_main-diy-upcyklace press_main-pressemitteilungen\">\n<figure style=\"aspect-ratio:1;\" class=\"featuredimage wp-block-post-featured-image\"><a href=\"https:\/\/starsforeurope.com\/cz\/press\/lesni-vanoce-s-vanocnimi-hvezdami-tipy-na-svatecni-vyzdobu-s-vyuzitim-poinsettii-a-prirodnich-materialu\/\" target=\"_self\"  ><img loading=\"lazy\" decoding=\"async\" width=\"875\" height=\"1050\" src=\"https:\/\/starsforeurope.com\/cz\/wp-content\/uploads\/sites\/20\/2022\/09\/2021-poinsettia-05000-christmas-woodla.jpg\" class=\"attachment-post-thumbnail size-post-thumbnail wp-post-image\" alt=\"Lesn\u00ed V\u00e1noce s v\u00e1no\u010dn\u00edmi hv\u011bzdami. Tipy na sv\u00e1te\u010dn\u00ed v\u00fdzdobu s vyu\u017eit\u00edm poinsetti\u00ed a p\u0159\u00edrodn\u00edch materi\u00e1l\u016f.\" style=\"width:100%;height:100%;object-fit:cover;\" srcset=\"https:\/\/starsforeurope.com\/cz\/wp-content\/uploads\/sites\/20\/2022\/09\/2021-poinsettia-05000-christmas-woodla.jpg 875w, https:\/\/starsforeurope.com\/cz\/wp-content\/uploads\/sites\/20\/2022\/09\/2021-poinsettia-05000-christmas-woodla-250x300.jpg 250w, https:\/\/starsforeurope.com\/cz\/wp-content\/uploads\/sites\/20\/2022\/09\/2021-poinsettia-05000-christmas-woodla-853x1024.jpg 853w, https:\/\/starsforeurope.com\/cz\/wp-content\/uploads\/sites\/20\/2022\/09\/2021-poinsettia-05000-christmas-woodla-768x922.jpg 768w, https:\/\/starsforeurope.com\/cz\/wp-content\/uploads\/sites\/20\/2022\/09\/2021-poinsettia-05000-christmas-woodla-563x675.jpg 563w\" sizes=\"auto, (max-width: 875px) 100vw, 875px\" \/><\/a><\/figure>\n\n<h3 class=\"wp-block-post-title\"><a href=\"https:\/\/starsforeurope.com\/cz\/press\/lesni-vanoce-s-vanocnimi-hvezdami-tipy-na-svatecni-vyzdobu-s-vyuzitim-poinsettii-a-prirodnich-materialu\/\" target=\"_self\" >Lesn\u00ed V\u00e1noce s v\u00e1no\u010dn\u00edmi hv\u011bzdami. Tipy na sv\u00e1te\u010dn\u00ed v\u00fdzdobu s vyu\u017eit\u00edm poinsetti\u00ed a p\u0159\u00edrodn\u00edch materi\u00e1l\u016f.<\/a><\/h3>\n\n\n<div class=\"wp-block-group postmetaline is-nowrap is-layout-flex wp-container-core-group-is-layout-6c531013 wp-block-group-is-layout-flex\"><div class=\"wp-block-post-date\"><time datetime=\"2021-10-07T09:58:00+02:00\">07. \u0159\u00edjna 2021<\/time><\/div>\n\n<\/div>\n\n\n<div class=\"wp-block-post-excerpt\"><p class=\"wp-block-post-excerpt__excerpt\">P\u0159\u00edrodn\u00ed dekorace jsou trendy. Objevte dekorace na st\u016fl, adventn\u00ed v\u011bnce a pokojov\u00e9 dekorace, ve kter\u00fdch hraj\u00ed hlavn\u00ed roli poinsettie a p\u0159\u00edrodn\u00ed materi\u00e1ly z lesa.<\/p><p class=\"wp-block-post-excerpt__more-text\"><a class=\"wp-block-post-excerpt__more-link\" href=\"https:\/\/starsforeurope.com\/cz\/press\/lesni-vanoce-s-vanocnimi-hvezdami-tipy-na-svatecni-vyzdobu-s-vyuzitim-poinsettii-a-prirodnich-materialu\/\">P\u0159e\u010dt\u011bte si v\u00edce<\/a><\/p><\/div>\n<\/li><li class=\"wp-block-post post-5564 press type-press status-publish has-post-thumbnail hentry press_cat-advent-decoration press_cat-diy press_main-adventni-dekorace press_main-dekorace press_main-diy-upcyklace press_main-pressemitteilungen\">\n<figure style=\"aspect-ratio:1;\" class=\"featuredimage wp-block-post-featured-image\"><a href=\"https:\/\/starsforeurope.com\/cz\/press\/vyrobte-si-adventni-kalendar-s-vanocnimi-hvezdami-vanoce-jsou-kazdy-den-o-kousek-bliz\/\" target=\"_self\"  ><img loading=\"lazy\" decoding=\"async\" width=\"875\" height=\"1050\" src=\"https:\/\/starsforeurope.com\/cz\/wp-content\/uploads\/sites\/20\/2022\/09\/2020_poinsettia_03000_Christmas_Blush.jpg\" class=\"attachment-post-thumbnail size-post-thumbnail wp-post-image\" alt=\"Vyrobte si adventn\u00ed kalend\u00e1\u0159 s v\u00e1no\u010dn\u00edmi hv\u011bzdami. V\u00e1noce jsou ka\u017ed\u00fd den o kousek bl\u00ed\u017e.\" style=\"width:100%;height:100%;object-fit:cover;\" srcset=\"https:\/\/starsforeurope.com\/cz\/wp-content\/uploads\/sites\/20\/2022\/09\/2020_poinsettia_03000_Christmas_Blush.jpg 875w, https:\/\/starsforeurope.com\/cz\/wp-content\/uploads\/sites\/20\/2022\/09\/2020_poinsettia_03000_Christmas_Blush-250x300.jpg 250w, https:\/\/starsforeurope.com\/cz\/wp-content\/uploads\/sites\/20\/2022\/09\/2020_poinsettia_03000_Christmas_Blush-853x1024.jpg 853w, https:\/\/starsforeurope.com\/cz\/wp-content\/uploads\/sites\/20\/2022\/09\/2020_poinsettia_03000_Christmas_Blush-768x922.jpg 768w, https:\/\/starsforeurope.com\/cz\/wp-content\/uploads\/sites\/20\/2022\/09\/2020_poinsettia_03000_Christmas_Blush-563x675.jpg 563w\" sizes=\"auto, (max-width: 875px) 100vw, 875px\" \/><\/a><\/figure>\n\n<h3 class=\"wp-block-post-title\"><a href=\"https:\/\/starsforeurope.com\/cz\/press\/vyrobte-si-adventni-kalendar-s-vanocnimi-hvezdami-vanoce-jsou-kazdy-den-o-kousek-bliz\/\" target=\"_self\" >Vyrobte si adventn\u00ed kalend\u00e1\u0159 s v\u00e1no\u010dn\u00edmi hv\u011bzdami. V\u00e1noce jsou ka\u017ed\u00fd den o kousek bl\u00ed\u017e.<\/a><\/h3>\n\n\n<div class=\"wp-block-group postmetaline is-nowrap is-layout-flex wp-container-core-group-is-layout-6c531013 wp-block-group-is-layout-flex\"><div class=\"wp-block-post-date\"><time datetime=\"2020-12-01T12:53:32+01:00\">01. prosince 2020<\/time><\/div>\n\n<\/div>\n\n\n<div class=\"wp-block-post-excerpt\"><p class=\"wp-block-post-excerpt__excerpt\">Adventn\u00ed kalend\u00e1\u0159e typu \u201cud\u011blej si s\u00e1m (DIY)&#8220; jsou velmi obl\u00edben\u00e9. A s poinsettiemi jsou obzvl\u00e1\u0161t\u011b p\u016fsobiv\u00e9. P\u0159edstav\u00edme v\u00e1m dva n\u00e1pady na dekorativn\u00ed adventn\u00ed kalend\u00e1\u0159e s poinsettiemi.<\/p><p class=\"wp-block-post-excerpt__more-text\"><a class=\"wp-block-post-excerpt__more-link\" href=\"https:\/\/starsforeurope.com\/cz\/press\/vyrobte-si-adventni-kalendar-s-vanocnimi-hvezdami-vanoce-jsou-kazdy-den-o-kousek-bliz\/\">P\u0159e\u010dt\u011bte si v\u00edce<\/a><\/p><\/div>\n<\/li><\/ul>\n\n<nav class=\"wp-block-query-pagination is-content-justification-center is-layout-flex wp-container-core-query-pagination-is-layout-a89b3969 wp-block-query-pagination-is-layout-flex\" aria-label=\"Str\u00e1nkov\u00e1n\u00ed\">\n\n\n<div class=\"wp-block-query-pagination-numbers has-medium-font-size\"><span aria-current=\"page\" class=\"page-numbers current\">1<\/span>\n<a class=\"page-numbers\" href=\"?query-0-page=2\">2<\/a>\n<a class=\"page-numbers\" href=\"?query-0-page=3\">3<\/a><\/div>\n\n<a href=\"\/cz\/wp-json\/wp\/v2\/pages\/7412?query-0-page=2\" class=\"wp-block-query-pagination-next\">\u22b3<\/a>\n<\/nav>\n\n<\/div>\n\n\n\n<div style=\"height:3rem\" aria-hidden=\"true\" class=\"wp-block-spacer\"><\/div>\n<\/main>","protected":false},"excerpt":{"rendered":"<p>Vytvo\u0159te si slavnostn\u00ed atmosf\u00e9ru pomoc\u00ed poinsetti\u00ed v adventn\u00ed v\u00fdzdob\u011b. Najd\u011bte inspiraci pro v\u011bnce, dekorace a \u00fatuln\u00e9 sez\u00f3nn\u00ed dopl\u0148ky.<\/p>\n","protected":false},"author":41,"featured_media":4366,"parent":7410,"menu_order":0,"comment_status":"closed","ping_status":"closed","template":"two-column-press","meta":{"_acf_changed":false,"footnotes":""},"class_list":["post-7412","page","type-page","status-publish","has-post-thumbnail","hentry"],"acf":[],"_links":{"self":[{"href":"https:\/\/starsforeurope.com\/cz\/wp-json\/wp\/v2\/pages\/7412","targetHints":{"allow":["GET"]}}],"collection":[{"href":"https:\/\/starsforeurope.com\/cz\/wp-json\/wp\/v2\/pages"}],"about":[{"href":"https:\/\/starsforeurope.com\/cz\/wp-json\/wp\/v2\/types\/page"}],"author":[{"embeddable":true,"href":"https:\/\/starsforeurope.com\/cz\/wp-json\/wp\/v2\/users\/41"}],"replies":[{"embeddable":true,"href":"https:\/\/starsforeurope.com\/cz\/wp-json\/wp\/v2\/comments?post=7412"}],"version-history":[{"count":2,"href":"https:\/\/starsforeurope.com\/cz\/wp-json\/wp\/v2\/pages\/7412\/revisions"}],"predecessor-version":[{"id":7477,"href":"https:\/\/starsforeurope.com\/cz\/wp-json\/wp\/v2\/pages\/7412\/revisions\/7477"}],"up":[{"embeddable":true,"href":"https:\/\/starsforeurope.com\/cz\/wp-json\/wp\/v2\/pages\/7410"}],"wp:featuredmedia":[{"embeddable":true,"href":"https:\/\/starsforeurope.com\/cz\/wp-json\/wp\/v2\/media\/4366"}],"wp:attachment":[{"href":"https:\/\/starsforeurope.com\/cz\/wp-json\/wp\/v2\/media?parent=7412"}],"curies":[{"name":"wp","href":"https:\/\/api.w.org\/{rel}","templated":true}]}}